{"id":36281,"date":"2025-06-05T11:08:35","date_gmt":"2025-06-05T09:08:35","guid":{"rendered":"https:\/\/parcsaintecroix.com\/?post_type=experience&#038;p=36281"},"modified":"2025-09-30T15:29:36","modified_gmt":"2025-09-30T13:29:36","slug":"la-soiree-brame-du-cerf","status":"publish","type":"experience","link":"https:\/\/parcsaintecroix.com\/fr\/experience\/la-soiree-brame-du-cerf","title":{"rendered":"La soir\u00e9e brame du cerf"},"content":{"rendered":"<section class=\"block-grid-wrapper block-grid-for-core-paragraph\">\n      <div class=\"default-editor-content grid-for-core-paragraph grid-container fluid fluid\">\n        <div class=\"grid-x grid-padding-x align-center\">\n          <div class=\"cell\">\n            \n<p><\/p>\n          <\/div>\n        <\/div>\n      <\/div>\n\n      <\/section>\n\n\n<section  class=\"wp-block-acf-header-gallery  block-index-1 section-content section-header-gallery\"   data-block-id=\"c4a385d7-d4cd-4d26-a953-042ff6fec680\"\n  itemprop=\"hasPart\" itemscope itemtype=\"https:\/\/schema.org\/WebPageElement\">\n\n  <div class=\"breadcrumbs-wrapper\">\n      <div class=\"grid-container full breadcrumb-container\">\n    <div class=\"grid-x\">\n      <div class=\"cell\">\n        <div class=\"breadcrumbs\"><span><span><a href=\"https:\/\/parcsaintecroix.com\/fr\">Accueil<\/a><\/span>  <span class=\"breadcrumb_last\" aria-current=\"page\">La soir\u00e9e brame du cerf<\/span><\/span>        <\/div>\n      <\/div>\n    <\/div>\n  <\/div>  <\/div>\n\n  <div class=\"grid-container full gallery-grid\">\n    <div class=\"grid-x grid-padding-x\">\n\n      <div class=\"cell medium-5 col-left\">\n        \n        <figure class=\"open-gallery\">\n          <picture><source srcset=\"data:image\/svg+xml;base64,PHN2ZyB4bWxucz0naHR0cDovL3d3dy53My5vcmcvMjAwMC9zdmcnIHk9JzAnIHg9JzAnIHdpZHRoPScxNzA0JyBoZWlnaHQ9JzExMzYnIHZpZXdCb3g9JzAgMCAxNzA0IDExMzYnPjwvc3ZnPg==\" data-srcset=\"https:\/\/parcsaintecroix.com\/wp-content\/uploads\/2025\/06\/CP-Margaux-Chatelain-14-scaled-1704x1136-8421bee02ef1.jpg\" media=\"(min-resolution: 192dpi), (-webkit-min-device-pixel-ratio: 2)\"><img loading=\"lazy\" decoding=\"async\" src=\"data:image\/svg+xml;base64,PHN2ZyB4bWxucz0naHR0cDovL3d3dy53My5vcmcvMjAwMC9zdmcnIHk9JzAnIHg9JzAnIHdpZHRoPSc4NTInIGhlaWdodD0nNTY4JyB2aWV3Qm94PScwIDAgODUyIDU2OCc+PC9zdmc+\"  width=\"852\" height=\"568\" data-fade-in data-lazy-img data-src=\"https:\/\/parcsaintecroix.com\/wp-content\/uploads\/2025\/06\/CP-Margaux-Chatelain-14-scaled-852x568-6f255e59085b.jpg\" alt=\"soir\u00e9e brame du cerf\" style=\";--aspect-ratio-small: 1.5;--aspect-ratio-retina: 1.5\" data-has-aspect-ratio=\"true\" \/><\/picture>        <\/figure>\n\n        \n      <\/div>\n\n      <div class=\"cell medium-7 col-right\">\n        <div class=\"grid-x grid-padding-x\">\n\n          <div class=\"cell small-6\">\n            \n            <figure class=\"open-gallery\">\n              <picture><source srcset=\"data:image\/svg+xml;base64,PHN2ZyB4bWxucz0naHR0cDovL3d3dy53My5vcmcvMjAwMC9zdmcnIHk9JzAnIHg9JzAnIHdpZHRoPScxNzA0JyBoZWlnaHQ9JzExMzYnIHZpZXdCb3g9JzAgMCAxNzA0IDExMzYnPjwvc3ZnPg==\" data-srcset=\"https:\/\/parcsaintecroix.com\/wp-content\/uploads\/2025\/06\/CP-Margaux-Chatelain-51-scaled-1704x1136-8421bee02ef1.jpg\" media=\"(min-resolution: 192dpi), (-webkit-min-device-pixel-ratio: 2)\"><img loading=\"lazy\" decoding=\"async\" src=\"data:image\/svg+xml;base64,PHN2ZyB4bWxucz0naHR0cDovL3d3dy53My5vcmcvMjAwMC9zdmcnIHk9JzAnIHg9JzAnIHdpZHRoPSc4NTInIGhlaWdodD0nNTY4JyB2aWV3Qm94PScwIDAgODUyIDU2OCc+PC9zdmc+\"  width=\"852\" height=\"568\" data-fade-in data-lazy-img data-src=\"https:\/\/parcsaintecroix.com\/wp-content\/uploads\/2025\/06\/CP-Margaux-Chatelain-51-scaled-852x568-6f255e59085b.jpg\" alt=\"\" style=\";--aspect-ratio-small: 1.5;--aspect-ratio-retina: 1.5\" data-has-aspect-ratio=\"true\" \/><\/picture>            <\/figure>\n          <\/div>\n\n          <div class=\"cell small-6\">\n            \n            <figure class=\"open-gallery\">\n              <picture><source srcset=\"data:image\/svg+xml;base64,PHN2ZyB4bWxucz0naHR0cDovL3d3dy53My5vcmcvMjAwMC9zdmcnIHk9JzAnIHg9JzAnIHdpZHRoPScxNzA0JyBoZWlnaHQ9JzExMzYnIHZpZXdCb3g9JzAgMCAxNzA0IDExMzYnPjwvc3ZnPg==\" data-srcset=\"https:\/\/parcsaintecroix.com\/wp-content\/uploads\/2025\/06\/CP-Margaux-Chatelain-49-scaled-1704x1136-8421bee02ef1.jpg\" media=\"(min-resolution: 192dpi), (-webkit-min-device-pixel-ratio: 2)\"><img loading=\"lazy\" decoding=\"async\" src=\"data:image\/svg+xml;base64,PHN2ZyB4bWxucz0naHR0cDovL3d3dy53My5vcmcvMjAwMC9zdmcnIHk9JzAnIHg9JzAnIHdpZHRoPSc4NTInIGhlaWdodD0nNTY4JyB2aWV3Qm94PScwIDAgODUyIDU2OCc+PC9zdmc+\"  width=\"852\" height=\"568\" data-fade-in data-lazy-img data-src=\"https:\/\/parcsaintecroix.com\/wp-content\/uploads\/2025\/06\/CP-Margaux-Chatelain-49-scaled-852x568-6f255e59085b.jpg\" alt=\"\" style=\";--aspect-ratio-small: 1.5;--aspect-ratio-retina: 1.5\" data-has-aspect-ratio=\"true\" \/><\/picture>            <\/figure>\n          <\/div>\n        <\/div>\n      <\/div>\n\n      <div class=\"wp-block-button is-style-transparent-button-with-white-border\">\n        <a href=\"#c4a385d7-d4cd-4d26-a953-042ff6fec680\" class=\"wp-block-button__link button-icon-instagram open-header-gallery-link\">\n          <span class=\"text-mobile hide-for-large\">Afficher tout<\/span>\n          <span class=\"text-desktop show-for-large\">Afficher toutes les photos<\/span>\n        <\/a>\n      <\/div>\n    <\/div>\n  <\/div>\n\n  <\/section>\n\n\n<div id=\"c4a385d7-d4cd-4d26-a953-042ff6fec680\"\n     class=\"header-gallery-popup mfp-hide\">\n  <div class=\"header-gallery-counter\">\n    <span class=\"header-gallery-counter-active\">1<\/span> \/ <span\n      class=\"header-gallery-counter-total\">4<\/span>\n      <span class=\"icon-photo\">\n        <svg xmlns=\"http:\/\/www.w3.org\/2000\/svg\" viewBox=\"0 0 17.443 16.3\"><g data-name=\"Photo icon\" fill=\"#1b374a\" stroke=\"#1b374a\" stroke-width=\".3\"><path data-name=\"Trac\u00e9 951\" d=\"M14.436 1.864H7.007A2.081 2.081 0 0 0 4.836.15h-.228a2.084 2.084 0 0 0-2.171 1.771 2.874 2.874 0 0 0-2.286 2.8v8.571a2.829 2.829 0 0 0 2.857 2.857h11.428a2.829 2.829 0 0 0 2.857-2.857V4.721a2.829 2.829 0 0 0-2.857-2.857Zm-9.829-.571h.228a1.071 1.071 0 0 1 1.029.571H3.635a.986.986 0 0 1 .972-.571Zm11.543 12a1.684 1.684 0 0 1-1.714 1.714H3.007a1.684 1.684 0 0 1-1.714-1.714V4.722a1.684 1.684 0 0 1 1.714-1.714h11.428a1.684 1.684 0 0 1 1.711 1.713Z\"\/><path data-name=\"Trac\u00e9 952\" d=\"M8.721 5.293a4 4 0 1 0 4 4 3.975 3.975 0 0 0-4-4Zm0 6.857a2.857 2.857 0 1 1 2.857-2.857 2.829 2.829 0 0 1-2.857 2.857Z\"\/><path data-name=\"Trac\u00e9 953\" d=\"M13.864 4.721h-1.143a.572.572 0 1 0 0 1.143h1.143a.572.572 0 1 0 0-1.143Z\"\/><\/g><\/svg>      <\/span>\n  <\/div>\n  <div class=\"header-gallery-slider\">\n          <div class=\"header-gallery-slide\">\n                <figure>\n          <picture><source srcset=\"data:image\/svg+xml;base64,PHN2ZyB4bWxucz0naHR0cDovL3d3dy53My5vcmcvMjAwMC9zdmcnIHk9JzAnIHg9JzAnIHdpZHRoPScxNzA0JyBoZWlnaHQ9JzExMzYnIHZpZXdCb3g9JzAgMCAxNzA0IDExMzYnPjwvc3ZnPg==\" data-srcset=\"https:\/\/parcsaintecroix.com\/wp-content\/uploads\/2025\/06\/CP-Margaux-Chatelain-14-scaled-1704x1136-8421bee02ef1.jpg\" media=\"(min-resolution: 192dpi), (-webkit-min-device-pixel-ratio: 2)\"><img loading=\"lazy\" decoding=\"async\" src=\"data:image\/svg+xml;base64,PHN2ZyB4bWxucz0naHR0cDovL3d3dy53My5vcmcvMjAwMC9zdmcnIHk9JzAnIHg9JzAnIHdpZHRoPSc4NTInIGhlaWdodD0nNTY4JyB2aWV3Qm94PScwIDAgODUyIDU2OCc+PC9zdmc+\"  width=\"852\" height=\"568\" data-fade-in data-lazy-img data-src=\"https:\/\/parcsaintecroix.com\/wp-content\/uploads\/2025\/06\/CP-Margaux-Chatelain-14-scaled-852x568-6f255e59085b.jpg\" alt=\"soir\u00e9e brame du cerf\" style=\";--aspect-ratio-small: 1.5;--aspect-ratio-retina: 1.5\" data-has-aspect-ratio=\"true\" \/><\/picture>        <\/figure>\n      <\/div>\n          <div class=\"header-gallery-slide\">\n                <figure>\n          <picture><source srcset=\"data:image\/svg+xml;base64,PHN2ZyB4bWxucz0naHR0cDovL3d3dy53My5vcmcvMjAwMC9zdmcnIHk9JzAnIHg9JzAnIHdpZHRoPScxNzA0JyBoZWlnaHQ9JzExMzYnIHZpZXdCb3g9JzAgMCAxNzA0IDExMzYnPjwvc3ZnPg==\" data-srcset=\"https:\/\/parcsaintecroix.com\/wp-content\/uploads\/2025\/06\/CP-Margaux-Chatelain-51-scaled-1704x1136-8421bee02ef1.jpg\" media=\"(min-resolution: 192dpi), (-webkit-min-device-pixel-ratio: 2)\"><img loading=\"lazy\" decoding=\"async\" src=\"data:image\/svg+xml;base64,PHN2ZyB4bWxucz0naHR0cDovL3d3dy53My5vcmcvMjAwMC9zdmcnIHk9JzAnIHg9JzAnIHdpZHRoPSc4NTInIGhlaWdodD0nNTY4JyB2aWV3Qm94PScwIDAgODUyIDU2OCc+PC9zdmc+\"  width=\"852\" height=\"568\" data-fade-in data-lazy-img data-src=\"https:\/\/parcsaintecroix.com\/wp-content\/uploads\/2025\/06\/CP-Margaux-Chatelain-51-scaled-852x568-6f255e59085b.jpg\" alt=\"\" style=\";--aspect-ratio-small: 1.5;--aspect-ratio-retina: 1.5\" data-has-aspect-ratio=\"true\" \/><\/picture>        <\/figure>\n      <\/div>\n          <div class=\"header-gallery-slide\">\n                <figure>\n          <picture><source srcset=\"data:image\/svg+xml;base64,PHN2ZyB4bWxucz0naHR0cDovL3d3dy53My5vcmcvMjAwMC9zdmcnIHk9JzAnIHg9JzAnIHdpZHRoPScxNzA0JyBoZWlnaHQ9JzExMzYnIHZpZXdCb3g9JzAgMCAxNzA0IDExMzYnPjwvc3ZnPg==\" data-srcset=\"https:\/\/parcsaintecroix.com\/wp-content\/uploads\/2025\/06\/CP-Margaux-Chatelain-49-scaled-1704x1136-8421bee02ef1.jpg\" media=\"(min-resolution: 192dpi), (-webkit-min-device-pixel-ratio: 2)\"><img loading=\"lazy\" decoding=\"async\" src=\"data:image\/svg+xml;base64,PHN2ZyB4bWxucz0naHR0cDovL3d3dy53My5vcmcvMjAwMC9zdmcnIHk9JzAnIHg9JzAnIHdpZHRoPSc4NTInIGhlaWdodD0nNTY4JyB2aWV3Qm94PScwIDAgODUyIDU2OCc+PC9zdmc+\"  width=\"852\" height=\"568\" data-fade-in data-lazy-img data-src=\"https:\/\/parcsaintecroix.com\/wp-content\/uploads\/2025\/06\/CP-Margaux-Chatelain-49-scaled-852x568-6f255e59085b.jpg\" alt=\"\" style=\";--aspect-ratio-small: 1.5;--aspect-ratio-retina: 1.5\" data-has-aspect-ratio=\"true\" \/><\/picture>        <\/figure>\n      <\/div>\n          <div class=\"header-gallery-slide\">\n                <figure>\n          <picture><source srcset=\"data:image\/svg+xml;base64,PHN2ZyB4bWxucz0naHR0cDovL3d3dy53My5vcmcvMjAwMC9zdmcnIHk9JzAnIHg9JzAnIHdpZHRoPScxNzA0JyBoZWlnaHQ9JzExMzYnIHZpZXdCb3g9JzAgMCAxNzA0IDExMzYnPjwvc3ZnPg==\" data-srcset=\"https:\/\/parcsaintecroix.com\/wp-content\/uploads\/2025\/06\/CP-Margaux-Chatelain-18-scaled-1704x1136-8421bee02ef1.jpg\" media=\"(min-resolution: 192dpi), (-webkit-min-device-pixel-ratio: 2)\"><img loading=\"lazy\" decoding=\"async\" src=\"data:image\/svg+xml;base64,PHN2ZyB4bWxucz0naHR0cDovL3d3dy53My5vcmcvMjAwMC9zdmcnIHk9JzAnIHg9JzAnIHdpZHRoPSc4NTInIGhlaWdodD0nNTY4JyB2aWV3Qm94PScwIDAgODUyIDU2OCc+PC9zdmc+\"  width=\"852\" height=\"568\" data-fade-in data-lazy-img data-src=\"https:\/\/parcsaintecroix.com\/wp-content\/uploads\/2025\/06\/CP-Margaux-Chatelain-18-scaled-852x568-6f255e59085b.jpg\" alt=\"soir\u00e9e brame du cerf\" style=\";--aspect-ratio-small: 1.5;--aspect-ratio-retina: 1.5\" data-has-aspect-ratio=\"true\" \/><\/picture>        <\/figure>\n      <\/div>\n      <\/div>\n<\/div>\n\n\n<section class=\"block-grid-wrapper block-grid-for-core-paragraph\">\n      <div class=\"default-editor-content grid-for-core-paragraph grid-container fluid fluid\">\n        <div class=\"grid-x grid-padding-x align-center\">\n          <div class=\"cell\">\n            \n<p><\/p>\n          <\/div>\n        <\/div>\n      <\/div>\n\n      <\/section>\n\n\n\n<section  class=\"wp-block-acf-information-nature-experience  alignfull block-index-23 section-content section-information-nature-experience\"   itemprop=\"hasPart\" itemscope\n                                  itemtype=\"https:\/\/schema.org\/WebPageElement\">\n\n  <div class=\"grid-container fluid\">\n    <div class=\"grid-x grid-padding-x\">\n      <div class=\"cell large-8 inner-blocks\">\n        <h1>La soir\u00e9e brame du cerf<\/h1>\n                <div class=\"info-nature-experience\">\n          \n                      <p class=\"label\">\n              <span class=\"icon\">\n                <svg xmlns=\"http:\/\/www.w3.org\/2000\/svg\" width=\"25.013\" height=\"25.007\"><path d=\"M13.793 24.501a9.478 9.478 0 0 1-1.918-.246 15.714 15.714 0 0 1-6.925-4.2 15.679 15.679 0 0 1-4.2-6.921 15.016 15.016 0 0 1-.246-1.917 1.693 1.693 0 0 1 .754-1.539l2.13-1.421a1.151 1.151 0 0 1 .86-.169 1.132 1.132 0 0 1 .728.49.9.9 0 0 1 .068.116l1.715 3.3a1.141 1.141 0 0 1-.3 1.43l-1.514 1.182a11.738 11.738 0 0 0 2.3 3.156 12.065 12.065 0 0 0 3.111 2.27l1.2-1.535a1.145 1.145 0 0 1 1.429-.307l3.328 1.712a1.1 1.1 0 0 1 .506 1.468.967.967 0 0 1-.122.194l-1.367 2.152a1.657 1.657 0 0 1-1.407.787 1 1 0 0 1-.13-.002Zm6.3-3.6a.229.229 0 0 1-.009-.045l-.005-.02a3.826 3.826 0 0 0-.618-1.292 9.951 9.951 0 0 0 1.278-13.993 9.874 9.874 0 0 0-6.734-3.532 9.852 9.852 0 0 0-7.26 2.255 9.852 9.852 0 0 0-1.287 1.289 4.075 4.075 0 0 0-1.353-.631A11.315 11.315 0 0 1 11.682.614a11.322 11.322 0 0 1 8.414 2.3 11.41 11.41 0 0 1 2.023 15.989 11.316 11.316 0 0 1-2.018 2.017Zm-7.016-8.237a.745.745 0 0 1-.733-.742V6.65a.735.735 0 0 1 .734-.734.736.736 0 0 1 .735.734v4.519h3.563a.705.705 0 0 1 .5.21.7.7 0 0 1 .206.5v.05a.741.741 0 0 1-.73.738Z\" fill=\"#bf9170\" stroke=\"rgba(0,0,0,0)\"\/><\/svg>              <\/span>\n              R\u00e9servation obligatoire            <\/p>\n          \n                  <\/div>\n\n        \n\n        <div class=\"hide-for-large\">\n          \n<div class=\"sticky-block\">\n  <div class=\"text-box has-white-background-color\">\n            <div class=\"cell\">\n          <div class=\"cell-icon\">\n            <svg xmlns=\"http:\/\/www.w3.org\/2000\/svg\" width=\"25.216\" height=\"25.129\"><path d=\"M9.163 24.629a1.662 1.662 0 0 1-1.174-.483l-6.877-6.877a1.7 1.7 0 0 1 0-2.376l13.782-13.78a1.7 1.7 0 0 1 2.375 0l1.476 1.476a.766.766 0 0 1 .115.953 2.054 2.054 0 0 0 .279 2.549 2.05 2.05 0 0 0 2.55.281.8.8 0 0 1 .953.113l1.476 1.478a1.752 1.752 0 0 1 .029 2.4L10.363 24.149a1.666 1.666 0 0 1-1.181.485Zm-7-8.687a.145.145 0 0 0 0 .2l6.876 6.874a.143.143 0 0 0 .2 0l9.041-9.039-1.026-1.024 1.075-1.075 1.026 1.024 3.663-3.665a.124.124 0 0 0 .051-.089.112.112 0 0 0-.029-.089.11.11 0 0 0-.025-.026l-1.113-1.108a3.559 3.559 0 0 1-3.883-.785 3.552 3.552 0 0 1-.786-3.885l-1.091-1.092a.149.149 0 0 0-.2 0l-3.661 3.661 1.024 1.026-1.075 1.073-1.026-1.024Zm8.649 2.868L6.32 14.318l1.079-1.077.085.087 4.492 4.492-1.079 1.077Zm2.07-2.077L8.39 12.239l1.077-1.077 4.578 4.579-1.075 1.077Zm2.114-6.032 1.077-1.077 1.749 1.748-1.077 1.077Zm-2.267-2.236 1.077-1.077 1.75 1.748-1.077 1.077Z\" fill=\"#bf9170\" stroke=\"rgba(0,0,0,0)\"\/><\/svg>          <\/div>\n          <div class=\"cell-text\">\n                        <p class=\"normal-text\">\u00c0 partir de 30,50\u20ac<\/p>          <\/div>\n        <\/div>\n              <div class=\"cell\">\n          <div class=\"cell-icon\">\n            <svg xmlns=\"http:\/\/www.w3.org\/2000\/svg\" width=\"24\" height=\"24\"><path d=\"M11.984 6a.735.735 0 0 0-.734.734v5.272a.743.743 0 0 0 .732.741h4.275a.741.741 0 0 0 .731-.739v-.045a.708.708 0 0 0-.707-.71h-3.563V6.734A.736.736 0 0 0 11.984 6\" fill=\"#bf9170\" stroke=\"rgba(0,0,0,0)\"\/><g fill=\"none\" stroke=\"#bf9170\" stroke-width=\"1.5\"><circle cx=\"12\" cy=\"12\" r=\"12\" stroke=\"none\"\/><circle cx=\"12\" cy=\"12\" r=\"11.25\"\/><\/g><\/svg>          <\/div>\n          <div class=\"cell-text\">\n            <p class=\"bold-text\">Le 20 et 21\/09 et chaque vendredis-samedis-dimanches du 26\/09\/2025 au 19\/10\/2025<\/p>                      <\/div>\n        <\/div>\n        <\/div>\n\n  <div class=\"links-box\">\n          <div class=\"wp-block-button is-style-large-button-orange\">\n        <a class=\"wp-block-button__link button-icon-qr-code\" href=\"https:\/\/billets.parcsaintecroix.com\/fr-FR\/produits?famille=1516156114410300528\" data-gtm-event=\"click_cta\" data-gtm-event-label=\"reservation\">\n          Je r\u00e9serve        <\/a>\n      <\/div>\n        <\/div>\n<\/div>\n        <\/div>\n        <div class=\"page-descr\">\n\n<p>Quand le jour d\u00e9cline et que la for\u00eat se fait plus silencieuse, un autre monde s\u2019\u00e9veille. Celui des grands cerfs, qui se pr\u00e9parent \u00e0 livrer leur plus impressionnant rituel : le brame. \u00c0 Sainte-Croix, nous vous invitons \u00e0 vivre la soir\u00e9e <a href=\"https:\/\/parcsaintecroix.com\/fr\/le-brame-du-cerf-actu\">brame du cerf<\/a> guid\u00e9 au c\u0153ur du territoire des cervid\u00e9s, avant de partager un moment gourmand autour d\u2019un <strong>authentique d\u00eener b\u00fbcheron<\/strong>.<\/p>\n\n\n\n<h2 class=\"wp-block-heading\">Une immersion inoubliable<\/h2>\n\n\n\n<h3 class=\"wp-block-heading\">Une visite guid\u00e9e de 2h<\/h3>\n\n\n\n<p>\u00c0 la tomb\u00e9e de la nuit, lorsque le silence s\u2019installe peu \u00e0 peu dans la for\u00eat, partez pour une <strong>visite guid\u00e9e de 2 heures au plus pr\u00e8s des cerfs en pleine p\u00e9riode de brame<\/strong>. Accompagn\u00e9s par l\u2019un de nos guides nature passionn\u00e9s, vous d\u00e9couvrez ce ph\u00e9nom\u00e8ne fascinant dans les meilleures conditions : discr\u00e9tion, respect de la faune, et explications \u00e9clairantes pour comprendre les enjeux de cette p\u00e9riode de rut chez les cervid\u00e9s.<\/p>\n\n\n\n<h3 class=\"wp-block-heading\">Un d\u00eener b\u00fbcheron r\u00e9confortant<\/h3>\n\n\n\n<p>Apr\u00e8s l\u2019\u00e9motion de la sortie nature, place \u00e0 la convivialit\u00e9 et aux saveurs du terroir. Rejoignez l\u2019un de nos deux lieux de restauration, <strong>dans notre salle panoramique chauff\u00e9e<\/strong>, pour savourer un <strong>menu b\u00fbcheron g\u00e9n\u00e9reux<\/strong>.<\/p>\n\n\n\n<p>Pour commencer, un ap\u00e9ritif vous est propos\u00e9 avec au choix une bi\u00e8re artisanale, un jus de pomme local ou un kir lorrain. Le repas se poursuit avec une savoureuse soupe de pois cass\u00e9s, accompagn\u00e9e de saucisses fum\u00e9es et de kassler, le tout servi avec du pain tranch\u00e9 et une tartine fondante au munster. En dessert, place \u00e0 la douceur avec une authentique tarte aux myrtilles. Des eaux filtr\u00e9es plates et p\u00e9tillantes sont \u00e0 disposition tout au long du repas. D\u2019autres boissons : vin, bi\u00e8re, softs, th\u00e9, caf\u00e9 et infusions sont disponibles en suppl\u00e9ment.<\/p>\n\n\n\n<p class=\"has-orange-color has-text-color\"><strong>Possibilit\u00e9 de combiner journ\u00e9e au parc + la soir\u00e9e brame du cerf<\/strong><\/p>\n\n\n\n<p style=\"font-size:15px\"><em>Repas compris dans le prix de cette exp\u00e9rience nature<\/em> <\/p>\n\n\n\n<div class=\"wp-block-buttons is-layout-flex wp-block-buttons-is-layout-flex\"><\/div>\n\n\n\n<hr class=\"wp-block-separator has-alpha-channel-opacity\"\/>\n\n\n\n<h2 class=\"wp-block-heading\">Les + de l&rsquo;exp\u00e9rience<\/h2>\n\n\n\n<ul class=\"wp-block-list\">\n<li><strong>Un moment hors du temps<\/strong> : Plongez dans l\u2019ambiance nocturne de la for\u00eat, quand les cerfs s\u2019affrontent \u00e0 grands coups de voix.<\/li>\n\n\n\n<li><strong>Une visite guid\u00e9e exclusive<\/strong> : Accompagn\u00e9 pendant 2h par un guide passionn\u00e9, vous apprenez \u00e0 d\u00e9crypter les comportements des cervid\u00e9s.<\/li>\n\n\n\n<li><strong>Un cadre naturel exceptionnel<\/strong> : Observez le brame dans les bois du Parc, dans des conditions id\u00e9ales.<\/li>\n\n\n\n<li><strong>Un d\u00eener gourmand et authentique<\/strong> : Savourez un repas rustique et g\u00e9n\u00e9reux, au chaud ou en plein air selon votre choix.<\/li>\n\n\n\n<li><strong>Une exp\u00e9rience accessible \u00e0 tous<\/strong> : Une marche douce, adapt\u00e9e \u00e0 tous les publics, pour vivre cette immersion en toute s\u00e9r\u00e9nit\u00e9.<\/li>\n<\/ul>\n\n\n\n<p><\/p>\n\n<\/div>\n      <\/div>\n\n      <div class=\"cell large-4 show-for-large sticky-wrapper\">\n        \n<div class=\"sticky-block\">\n  <div class=\"text-box has-white-background-color\">\n            <div class=\"cell\">\n          <div class=\"cell-icon\">\n            <svg xmlns=\"http:\/\/www.w3.org\/2000\/svg\" width=\"25.216\" height=\"25.129\"><path d=\"M9.163 24.629a1.662 1.662 0 0 1-1.174-.483l-6.877-6.877a1.7 1.7 0 0 1 0-2.376l13.782-13.78a1.7 1.7 0 0 1 2.375 0l1.476 1.476a.766.766 0 0 1 .115.953 2.054 2.054 0 0 0 .279 2.549 2.05 2.05 0 0 0 2.55.281.8.8 0 0 1 .953.113l1.476 1.478a1.752 1.752 0 0 1 .029 2.4L10.363 24.149a1.666 1.666 0 0 1-1.181.485Zm-7-8.687a.145.145 0 0 0 0 .2l6.876 6.874a.143.143 0 0 0 .2 0l9.041-9.039-1.026-1.024 1.075-1.075 1.026 1.024 3.663-3.665a.124.124 0 0 0 .051-.089.112.112 0 0 0-.029-.089.11.11 0 0 0-.025-.026l-1.113-1.108a3.559 3.559 0 0 1-3.883-.785 3.552 3.552 0 0 1-.786-3.885l-1.091-1.092a.149.149 0 0 0-.2 0l-3.661 3.661 1.024 1.026-1.075 1.073-1.026-1.024Zm8.649 2.868L6.32 14.318l1.079-1.077.085.087 4.492 4.492-1.079 1.077Zm2.07-2.077L8.39 12.239l1.077-1.077 4.578 4.579-1.075 1.077Zm2.114-6.032 1.077-1.077 1.749 1.748-1.077 1.077Zm-2.267-2.236 1.077-1.077 1.75 1.748-1.077 1.077Z\" fill=\"#bf9170\" stroke=\"rgba(0,0,0,0)\"\/><\/svg>          <\/div>\n          <div class=\"cell-text\">\n                        <p class=\"normal-text\">\u00c0 partir de 30,50\u20ac<\/p>          <\/div>\n        <\/div>\n              <div class=\"cell\">\n          <div class=\"cell-icon\">\n            <svg xmlns=\"http:\/\/www.w3.org\/2000\/svg\" width=\"24\" height=\"24\"><path d=\"M11.984 6a.735.735 0 0 0-.734.734v5.272a.743.743 0 0 0 .732.741h4.275a.741.741 0 0 0 .731-.739v-.045a.708.708 0 0 0-.707-.71h-3.563V6.734A.736.736 0 0 0 11.984 6\" fill=\"#bf9170\" stroke=\"rgba(0,0,0,0)\"\/><g fill=\"none\" stroke=\"#bf9170\" stroke-width=\"1.5\"><circle cx=\"12\" cy=\"12\" r=\"12\" stroke=\"none\"\/><circle cx=\"12\" cy=\"12\" r=\"11.25\"\/><\/g><\/svg>          <\/div>\n          <div class=\"cell-text\">\n            <p class=\"bold-text\">Le 20 et 21\/09 et chaque vendredis-samedis-dimanches du 26\/09\/2025 au 19\/10\/2025<\/p>                      <\/div>\n        <\/div>\n        <\/div>\n\n  <div class=\"links-box\">\n          <div class=\"wp-block-button is-style-large-button-orange\">\n        <a class=\"wp-block-button__link button-icon-qr-code\" href=\"https:\/\/billets.parcsaintecroix.com\/fr-FR\/produits?famille=1516156114410300528\" data-gtm-event=\"click_cta\" data-gtm-event-label=\"reservation\">\n          Je r\u00e9serve        <\/a>\n      <\/div>\n        <\/div>\n<\/div>\n      <\/div>\n    <\/div>\n  <\/div>\n<\/section>\n","protected":false},"featured_media":36294,"template":"","experience_animal":[],"experience_visitors":[],"experience_univers":[],"experience_season":[108],"experience_visibility":[],"experiences_filters":[],"experiences_custom_filters":[],"class_list":["post-36281","experience","type-experience","status-publish","has-post-thumbnail","hentry"],"acf":[],"yoast_head":"<!-- This site is optimized with the Yoast SEO plugin v27.3 - https:\/\/yoast.com\/product\/yoast-seo-wordpress\/ -->\n<title>La soir\u00e9e brame du cerf | Parc Animalier Sainte-Croix<\/title>\n<meta name=\"description\" content=\"Vivez une soir\u00e9e brame du cerf inoubliable au Parc Animalier de Sainte-Croix : observation guid\u00e9e au cr\u00e9puscule.\" \/>\n<meta name=\"robots\" content=\"index, follow, max-snippet:-1, max-image-preview:large, max-video-preview:-1\" \/>\n<link rel=\"canonical\" href=\"https:\/\/parcsaintecroix.com\/fr\/experience\/la-soiree-brame-du-cerf\" \/>\n<meta property=\"og:locale\" content=\"fr_FR\" \/>\n<meta property=\"og:type\" content=\"article\" \/>\n<meta property=\"og:title\" content=\"La soir\u00e9e brame du cerf | Parc Animalier Sainte-Croix\" \/>\n<meta property=\"og:description\" content=\"Vivez une soir\u00e9e brame du cerf inoubliable au Parc Animalier de Sainte-Croix : observation guid\u00e9e au cr\u00e9puscule.\" \/>\n<meta property=\"og:url\" content=\"https:\/\/parcsaintecroix.com\/fr\/experience\/la-soiree-brame-du-cerf\" \/>\n<meta property=\"og:site_name\" content=\"Parc de Saint Croix\" \/>\n<meta property=\"article:publisher\" content=\"https:\/\/www.facebook.com\/LodgesSainteCroix\/\" \/>\n<meta property=\"article:modified_time\" content=\"2025-09-30T13:29:36+00:00\" \/>\n<meta property=\"og:image\" content=\"https:\/\/parcsaintecroix.com\/wp-content\/uploads\/2025\/06\/CP-Morgane-Bricard-3-scaled.jpg\" \/>\n\t<meta property=\"og:image:width\" content=\"2560\" \/>\n\t<meta property=\"og:image:height\" content=\"1707\" \/>\n\t<meta property=\"og:image:type\" content=\"image\/jpeg\" \/>\n<meta name=\"twitter:card\" content=\"summary_large_image\" \/>\n<meta name=\"twitter:site\" content=\"@parc_stecroix\" \/>\n<meta name=\"twitter:label1\" content=\"Dur\u00e9e de lecture estim\u00e9e\" \/>\n\t<meta name=\"twitter:data1\" content=\"3 minutes\" \/>\n<script type=\"application\/ld+json\" class=\"yoast-schema-graph\">{\"@context\":\"https:\\\/\\\/schema.org\",\"@graph\":[{\"@type\":\"WebPage\",\"@id\":\"https:\\\/\\\/parcsaintecroix.com\\\/fr\\\/experience\\\/la-soiree-brame-du-cerf\",\"url\":\"https:\\\/\\\/parcsaintecroix.com\\\/fr\\\/experience\\\/la-soiree-brame-du-cerf\",\"name\":\"La soir\u00e9e brame du cerf | Parc Animalier Sainte-Croix\",\"isPartOf\":{\"@id\":\"https:\\\/\\\/parcsaintecroix.com\\\/fr\\\/#website\"},\"primaryImageOfPage\":{\"@id\":\"https:\\\/\\\/parcsaintecroix.com\\\/fr\\\/experience\\\/la-soiree-brame-du-cerf#primaryimage\"},\"image\":{\"@id\":\"https:\\\/\\\/parcsaintecroix.com\\\/fr\\\/experience\\\/la-soiree-brame-du-cerf#primaryimage\"},\"thumbnailUrl\":\"https:\\\/\\\/parcsaintecroix.com\\\/wp-content\\\/uploads\\\/2025\\\/06\\\/CP-Morgane-Bricard-3-scaled.jpg\",\"datePublished\":\"2025-06-05T09:08:35+00:00\",\"dateModified\":\"2025-09-30T13:29:36+00:00\",\"description\":\"Vivez une soir\u00e9e brame du cerf inoubliable au Parc Animalier de Sainte-Croix : observation guid\u00e9e au cr\u00e9puscule.\",\"breadcrumb\":{\"@id\":\"https:\\\/\\\/parcsaintecroix.com\\\/fr\\\/experience\\\/la-soiree-brame-du-cerf#breadcrumb\"},\"inLanguage\":\"fr-FR\",\"potentialAction\":[{\"@type\":\"ReadAction\",\"target\":[\"https:\\\/\\\/parcsaintecroix.com\\\/fr\\\/experience\\\/la-soiree-brame-du-cerf\"]}]},{\"@type\":\"ImageObject\",\"inLanguage\":\"fr-FR\",\"@id\":\"https:\\\/\\\/parcsaintecroix.com\\\/fr\\\/experience\\\/la-soiree-brame-du-cerf#primaryimage\",\"url\":\"https:\\\/\\\/parcsaintecroix.com\\\/wp-content\\\/uploads\\\/2025\\\/06\\\/CP-Morgane-Bricard-3-scaled.jpg\",\"contentUrl\":\"https:\\\/\\\/parcsaintecroix.com\\\/wp-content\\\/uploads\\\/2025\\\/06\\\/CP-Morgane-Bricard-3-scaled.jpg\",\"width\":2560,\"height\":1707,\"caption\":\"soir\u00e9e brame du cerf\"},{\"@type\":\"BreadcrumbList\",\"@id\":\"https:\\\/\\\/parcsaintecroix.com\\\/fr\\\/experience\\\/la-soiree-brame-du-cerf#breadcrumb\",\"itemListElement\":[{\"@type\":\"ListItem\",\"position\":1,\"name\":\"Accueil\",\"item\":\"https:\\\/\\\/parcsaintecroix.com\\\/fr\"},{\"@type\":\"ListItem\",\"position\":2,\"name\":\"La soir\u00e9e brame du cerf\"}]},{\"@type\":\"WebSite\",\"@id\":\"https:\\\/\\\/parcsaintecroix.com\\\/fr\\\/#website\",\"url\":\"https:\\\/\\\/parcsaintecroix.com\\\/fr\\\/\",\"name\":\"Parc de Saint Croix\",\"description\":\"\",\"publisher\":{\"@id\":\"https:\\\/\\\/parcsaintecroix.com\\\/fr\\\/#organization\"},\"inLanguage\":\"fr-FR\"},{\"@type\":\"Organization\",\"@id\":\"https:\\\/\\\/parcsaintecroix.com\\\/fr\\\/#organization\",\"name\":\"Parc de Saint Croix\",\"url\":\"https:\\\/\\\/parcsaintecroix.com\\\/fr\\\/\",\"logo\":{\"@type\":\"ImageObject\",\"inLanguage\":\"fr-FR\",\"@id\":\"https:\\\/\\\/parcsaintecroix.com\\\/fr\\\/#\\\/schema\\\/logo\\\/image\\\/\",\"url\":\"https:\\\/\\\/parcsaintecroix.com\\\/wp-content\\\/uploads\\\/2022\\\/09\\\/SainteCroix-Favicon.png\",\"contentUrl\":\"https:\\\/\\\/parcsaintecroix.com\\\/wp-content\\\/uploads\\\/2022\\\/09\\\/SainteCroix-Favicon.png\",\"width\":512,\"height\":512,\"caption\":\"Parc de Saint Croix\"},\"image\":{\"@id\":\"https:\\\/\\\/parcsaintecroix.com\\\/fr\\\/#\\\/schema\\\/logo\\\/image\\\/\"},\"sameAs\":[\"https:\\\/\\\/www.facebook.com\\\/LodgesSainteCroix\\\/\",\"https:\\\/\\\/x.com\\\/parc_stecroix\"]}]}<\/script>\n<!-- \/ Yoast SEO plugin. -->","yoast_head_json":{"title":"La soir\u00e9e brame du cerf | Parc Animalier Sainte-Croix","description":"Vivez une soir\u00e9e brame du cerf inoubliable au Parc Animalier de Sainte-Croix : observation guid\u00e9e au cr\u00e9puscule.","robots":{"index":"index","follow":"follow","max-snippet":"max-snippet:-1","max-image-preview":"max-image-preview:large","max-video-preview":"max-video-preview:-1"},"canonical":"https:\/\/parcsaintecroix.com\/fr\/experience\/la-soiree-brame-du-cerf","og_locale":"fr_FR","og_type":"article","og_title":"La soir\u00e9e brame du cerf | Parc Animalier Sainte-Croix","og_description":"Vivez une soir\u00e9e brame du cerf inoubliable au Parc Animalier de Sainte-Croix : observation guid\u00e9e au cr\u00e9puscule.","og_url":"https:\/\/parcsaintecroix.com\/fr\/experience\/la-soiree-brame-du-cerf","og_site_name":"Parc de Saint Croix","article_publisher":"https:\/\/www.facebook.com\/LodgesSainteCroix\/","article_modified_time":"2025-09-30T13:29:36+00:00","og_image":[{"width":2560,"height":1707,"url":"https:\/\/parcsaintecroix.com\/wp-content\/uploads\/2025\/06\/CP-Morgane-Bricard-3-scaled.jpg","type":"image\/jpeg"}],"twitter_card":"summary_large_image","twitter_site":"@parc_stecroix","twitter_misc":{"Dur\u00e9e de lecture estim\u00e9e":"3 minutes"},"schema":{"@context":"https:\/\/schema.org","@graph":[{"@type":"WebPage","@id":"https:\/\/parcsaintecroix.com\/fr\/experience\/la-soiree-brame-du-cerf","url":"https:\/\/parcsaintecroix.com\/fr\/experience\/la-soiree-brame-du-cerf","name":"La soir\u00e9e brame du cerf | Parc Animalier Sainte-Croix","isPartOf":{"@id":"https:\/\/parcsaintecroix.com\/fr\/#website"},"primaryImageOfPage":{"@id":"https:\/\/parcsaintecroix.com\/fr\/experience\/la-soiree-brame-du-cerf#primaryimage"},"image":{"@id":"https:\/\/parcsaintecroix.com\/fr\/experience\/la-soiree-brame-du-cerf#primaryimage"},"thumbnailUrl":"https:\/\/parcsaintecroix.com\/wp-content\/uploads\/2025\/06\/CP-Morgane-Bricard-3-scaled.jpg","datePublished":"2025-06-05T09:08:35+00:00","dateModified":"2025-09-30T13:29:36+00:00","description":"Vivez une soir\u00e9e brame du cerf inoubliable au Parc Animalier de Sainte-Croix : observation guid\u00e9e au cr\u00e9puscule.","breadcrumb":{"@id":"https:\/\/parcsaintecroix.com\/fr\/experience\/la-soiree-brame-du-cerf#breadcrumb"},"inLanguage":"fr-FR","potentialAction":[{"@type":"ReadAction","target":["https:\/\/parcsaintecroix.com\/fr\/experience\/la-soiree-brame-du-cerf"]}]},{"@type":"ImageObject","inLanguage":"fr-FR","@id":"https:\/\/parcsaintecroix.com\/fr\/experience\/la-soiree-brame-du-cerf#primaryimage","url":"https:\/\/parcsaintecroix.com\/wp-content\/uploads\/2025\/06\/CP-Morgane-Bricard-3-scaled.jpg","contentUrl":"https:\/\/parcsaintecroix.com\/wp-content\/uploads\/2025\/06\/CP-Morgane-Bricard-3-scaled.jpg","width":2560,"height":1707,"caption":"soir\u00e9e brame du cerf"},{"@type":"BreadcrumbList","@id":"https:\/\/parcsaintecroix.com\/fr\/experience\/la-soiree-brame-du-cerf#breadcrumb","itemListElement":[{"@type":"ListItem","position":1,"name":"Accueil","item":"https:\/\/parcsaintecroix.com\/fr"},{"@type":"ListItem","position":2,"name":"La soir\u00e9e brame du cerf"}]},{"@type":"WebSite","@id":"https:\/\/parcsaintecroix.com\/fr\/#website","url":"https:\/\/parcsaintecroix.com\/fr\/","name":"Parc de Saint Croix","description":"","publisher":{"@id":"https:\/\/parcsaintecroix.com\/fr\/#organization"},"inLanguage":"fr-FR"},{"@type":"Organization","@id":"https:\/\/parcsaintecroix.com\/fr\/#organization","name":"Parc de Saint Croix","url":"https:\/\/parcsaintecroix.com\/fr\/","logo":{"@type":"ImageObject","inLanguage":"fr-FR","@id":"https:\/\/parcsaintecroix.com\/fr\/#\/schema\/logo\/image\/","url":"https:\/\/parcsaintecroix.com\/wp-content\/uploads\/2022\/09\/SainteCroix-Favicon.png","contentUrl":"https:\/\/parcsaintecroix.com\/wp-content\/uploads\/2022\/09\/SainteCroix-Favicon.png","width":512,"height":512,"caption":"Parc de Saint Croix"},"image":{"@id":"https:\/\/parcsaintecroix.com\/fr\/#\/schema\/logo\/image\/"},"sameAs":["https:\/\/www.facebook.com\/LodgesSainteCroix\/","https:\/\/x.com\/parc_stecroix"]}]}},"_links":{"self":[{"href":"https:\/\/parcsaintecroix.com\/fr\/wp-json\/wp\/v2\/experience\/36281","targetHints":{"allow":["GET"]}}],"collection":[{"href":"https:\/\/parcsaintecroix.com\/fr\/wp-json\/wp\/v2\/experience"}],"about":[{"href":"https:\/\/parcsaintecroix.com\/fr\/wp-json\/wp\/v2\/types\/experience"}],"wp:featuredmedia":[{"embeddable":true,"href":"https:\/\/parcsaintecroix.com\/fr\/wp-json\/wp\/v2\/media\/36294"}],"wp:attachment":[{"href":"https:\/\/parcsaintecroix.com\/fr\/wp-json\/wp\/v2\/media?parent=36281"}],"wp:term":[{"taxonomy":"experience_animal","embeddable":true,"href":"https:\/\/parcsaintecroix.com\/fr\/wp-json\/wp\/v2\/experience_animal?post=36281"},{"taxonomy":"experience_visitors","embeddable":true,"href":"https:\/\/parcsaintecroix.com\/fr\/wp-json\/wp\/v2\/experience_visitors?post=36281"},{"taxonomy":"experience_univers","embeddable":true,"href":"https:\/\/parcsaintecroix.com\/fr\/wp-json\/wp\/v2\/experience_univers?post=36281"},{"taxonomy":"experience_season","embeddable":true,"href":"https:\/\/parcsaintecroix.com\/fr\/wp-json\/wp\/v2\/experience_season?post=36281"},{"taxonomy":"experience_visibility","embeddable":true,"href":"https:\/\/parcsaintecroix.com\/fr\/wp-json\/wp\/v2\/experience_visibility?post=36281"},{"taxonomy":"experiences_filters","embeddable":true,"href":"https:\/\/parcsaintecroix.com\/fr\/wp-json\/wp\/v2\/experiences_filters?post=36281"},{"taxonomy":"experiences_custom_filters","embeddable":true,"href":"https:\/\/parcsaintecroix.com\/fr\/wp-json\/wp\/v2\/experiences_custom_filters?post=36281"}],"curies":[{"name":"wp","href":"https:\/\/api.w.org\/{rel}","templated":true}]}}